{"version":"1.0","provider_name":"Kucorg\u00f3 \u00d6KORGANIZ\u00c1CI\u00d3","provider_url":"https:\/\/kucorg.cafeblog.hu","author_name":"Kucorg\u00f3 any\u00e1mk\u00e1ja","author_url":"https:\/\/kucorg.cafeblog.hu\/author\/kucorgoanyamkaja\/","title":"T\u00e1bla, plafon, postal\u00e1da","html":"Azt gondolom, hogy a t\u00e1bl\u00e1k ir\u00e1nti vonzalmamat m\u00e1r t\u00falr\u00e9szleteztem (ennek ellen\u00e9re m\u00e9g ezzel a bejegyz\u00e9ssel sem \u00e9r v\u00e9get). \u00dagyhogy \u00f6mleng\u00e9s helyett kett\u0151 - a poszthoz ill\u0151 - \u00a0al\u00e1fest\u0151 zen\u00e9t szeretn\u00e9k prezent\u00e1lni. Az els\u0151 egy tabl\u00e1 sz\u00f3l\u00f3, melynek hivatalosan semmi k\u00f6ze a t\u00e1bl\u00e1hoz. Hivatalosan. Mert az \u00e9n pihent agyam k\u00e9t bet\u0171 felcser\u00e9l\u00e9s\u00e9vel m\u00e1ris szoros kapcsolatot tal\u00e1lt k\u00f6z\u00f6tt\u00fck.\r\n<p style=\"text-align: left\">\u00c9s ha egyszer lesz egy tabl\u00e1m az alj\u00e1b\u00f3l \"k\u00e9sz\u00edtek\" t\u00e1bl\u00e1t. Ez tuti. Csak a po\u00e9n kedv\u00e9\u00e9rt. :)<\/p>\r\n\r\n<div>\r\n\r\n\u00a0[embed]https:\/\/www.youtube.com\/watch?v=DrLN36uyZJ0[\/embed]\r\n\r\nA m\u00e1sik Post\u00e1s Pat-hez k\u00f6thet\u0151, mely mes\u00e9nek f\u00fclbem\u00e1sz\u00f3 dallama eg\u00e9sz nap ott d\u00fcb\u00f6r\u00f6g az agyamban. Legt\u00f6bbsz\u00f6r f\u00fctty form\u00e1j\u00e1ban ki is mer\u00e9szkedik. Olykor \"gy\u00f6ny\u00f6r\u0171\" hangom ad teljesen \u00faj perspekt\u00edv\u00e1t eme szerzem\u00e9nynek. Mindenesetre nem lehet t\u0151le szabadulni.\r\n\r\n<\/div>\r\nFigyelem, csak saj\u00e1t felel\u0151ss\u00e9gre! :)\r\n<div>\r\n\r\n[embed]https:\/\/www.youtube.com\/watch?v=Jqd4OX3NzF8[\/embed]\r\n\r\n&nbsp;\r\n\r\n<\/div>\r\nMost pedig l\u00e1ssuk a t\u00e1bl\u00e1t, melynek keret\u00e9t \u00e9s fest\u00e9s\u00e9t az els\u0151 k\u00f6rben k\u00e9sz\u00edtettem el (<a href=\"https:\/\/kucorg.cafeblog.hu\/2013\/09\/tablara-fel.html\" target=\"_blank\"><span>itt olvashat\u00f3<\/span><\/a>), a jobb oldal\u00e1t pedig a m\u00e1sodik k\u00f6rben \u00e9kes\u00edtettem fel (le\u00edr\u00e1sa <a href=\"https:\/\/kucorg.cafeblog.hu\/2013\/09\/tablara-fel-1-projekt-2-info.html\" target=\"_blank\"><span>ezen a linken<\/span><\/a>.). Z\u00e1r\u00e1sk\u00e9nt (?) k\u00f6vetkezz\u00e9k a bal oldala, \u00e9s a teljes k\u00e9p.\r\n<div><a href=\"http:\/\/3.bp.blogspot.com\/-ltQNjHXEZTA\/UkGIETPaU2I\/AAAAAAAAFDU\/RLSoDhNrspQ\/s1600\/PICT0095-001.JPG\"><img class=\"aligncenter\" alt=\"\" src=\"https:\/\/kucorg.cafeblog.hu\/files\/2013\/09\/PICT0095-001.jpg\" width=\"295\" height=\"400\" border=\"0\" \/><\/a><\/div>\r\n<div style=\"text-align: center\">Lecser\u00e9lt\u00e9k lak\u00f3h\u00e1zunk postal\u00e1d\u00e1it, \u00e9s b\u00e1r a tet\u0151teresek is kaptak \u00fajat, a r\u00e9gieket szint\u00e9n ott hagyt\u00e1k nekik: azaz a szomsz\u00e9dnak \u00e9s nek\u00fcnk. Az el\u0151bbit\u0151l azt\u00e1n elkunyer\u00e1lta az ut\u00f3bbi. :)<\/div>\r\n<div style=\"text-align: center\">Megsik\u00e1ltam a k\u00e9t postal\u00e1d\u00e1t, a h\u00e1mladoz\u00f3 fest\u00e9ket lekapartam, \u00e9s a felsz\u00ednt meg is csiszoltam.<\/div>\r\n<div><\/div>\r\n<div><a href=\"http:\/\/1.bp.blogspot.com\/-ZbxlqGhUGo0\/UkGIIQjMo5I\/AAAAAAAAFDc\/TlNNFuXUs40\/s1600\/PICT0108.JPG\"><img class=\"aligncenter\" alt=\"\" src=\"https:\/\/kucorg.cafeblog.hu\/files\/2013\/09\/PICT0108.jpg\" width=\"400\" height=\"338\" border=\"0\" \/><\/a><\/div>\r\n<div style=\"text-align: center\">Ut\u00e1na lefestettem alapoz\u00f3 fest\u00e9kkel, majd ceruz\u00e1val felrajzoltam a mint\u00e1t. Ebben seg\u00edts\u00e9gemre volt egy poh\u00e1r \u00e9s egy vonalz\u00f3.<\/div>\r\n<div style=\"text-align: center\"><\/div>\r\n<div><a href=\"https:\/\/kucorg.cafeblog.hu\/files\/2013\/09\/PICT0118.jpg\"><img class=\"aligncenter\" alt=\"\" src=\"https:\/\/kucorg.cafeblog.hu\/files\/2013\/09\/PICT0118.jpg\" border=\"0\" \/><\/a><\/div>\r\n<div style=\"text-align: center\">Ezt k\u00f6vet\u0151en lefestettem a <a href=\"https:\/\/kucorg.cafeblog.hu\/2013\/06\/ha-szuperhos-lennek-plafont-festenek.html\" target=\"_blank\"><span>plafonnal egyez\u0151 sz\u00ednekkel<\/span><\/a>. \u00a0El\u0151sz\u00f6r \u00fagy gondoltam, hogy maszkol\u00f3val v\u00e1lasztom el a cs\u00edkokat, hogy sz\u00e9p \u00e9les legyen a hat\u00e1rvonal a k\u00e9t sz\u00edn k\u00f6z\u00f6tt. De ez t\u00fal hosszadalmasnak \u00e9s macer\u00e1snak t\u0171nt, \u00fagyhogy szabad k\u00e9zzel festettem ki a k\u00f6z\u00f6ket. Persze nem lett t\u00f6k\u00e9letes, de ki\u00f6tl\u00f6ttem a k\u00f6vetkez\u0151 megold\u00e1st: marker tollal vonalz\u00f3 ment\u00e9n a hat\u00e1rvonalakat meger\u0151s\u00edtettem. :)<\/div>\r\n<div style=\"text-align: center\"><\/div>\r\n<div><a href=\"https:\/\/kucorg.cafeblog.hu\/files\/2013\/09\/PICT0125.jpg\"><img class=\"aligncenter\" alt=\"\" src=\"https:\/\/kucorg.cafeblog.hu\/files\/2013\/09\/PICT0125.jpg\" border=\"0\" \/><\/a><\/div>\r\n<div style=\"text-align: center\">\u00c9s t\u00e1d\u00e1m, a cs\u00edkok t\u00f6bbs\u00e9g\u00e9ben egyenesek lettek, \u00e9s m\u00e9g karaktert is kapott a feh\u00e9r vonalak \u00e1ltal. A k\u00f6rt t\u00e1blafest\u00e9kkel t\u00f6lt\u00f6ttem ki.<\/div>\r\n<div style=\"text-align: center\">A cs\u00edkos r\u00e9szt lakkal is kezeltem a tart\u00f3ss\u00e1g v\u00e9gett. (A k\u00f6rt nem!)<\/div>\r\n<div style=\"text-align: center\"><\/div>\r\n<div><\/div>\r\n<div><a href=\"https:\/\/kucorg.cafeblog.hu\/files\/2013\/09\/PICT0193.jpg\"><img class=\"aligncenter\" alt=\"\" src=\"https:\/\/kucorg.cafeblog.hu\/files\/2013\/09\/PICT0193.jpg\" border=\"0\" \/><\/a><\/div>\r\n<div style=\"text-align: center\">Azt\u00e1n \u0150 felf\u00farta a <a href=\"http:\/\/kucorg.blogspot.hu\/2013\/06\/ha-szuperhos-lennek-plafont-festenek.html\" target=\"_blank\"><span>Spontan \u00fajs\u00e1gtart\u00f3val<\/span><\/a> egy\u00fctt (szint\u00e9n a Fynd r\u00e9szlegen siker\u00fclt megkaparintanunk 500 Ft-\u00e9rt). Ez ad helyet a rajzol\u00e1shoz sz\u00fcks\u00e9ges pap\u00edroknak \u00e9s sz\u00ednez\u0151knek (2 fi\u00f3k felszabadult a kitelep\u00edt\u00e9s\u00fck \u00e1ltal).<\/div>\r\n<div><\/div>\r\n<div style=\"text-align: center\"><a href=\"https:\/\/kucorg.cafeblog.hu\/files\/2013\/09\/PICT0140.jpg\"><img class=\"aligncenter\" alt=\"\" src=\"https:\/\/kucorg.cafeblog.hu\/files\/2013\/09\/PICT0140.jpg\" border=\"0\" \/><\/a><\/div>\r\n<div style=\"text-align: center\">Azt m\u00e9g nem is mond\u00e1m, hogy a t\u00e1bl\u00e1t elharmadoltam l\u00e9cekkel, melyeket a kerettel megegyez\u0151 laz\u00farral kezeltem. Ezeket nem felf\u00fartam, hanem ragasztottam extra er\u0151s ragaccsal.<\/div>\r\n<div style=\"text-align: center\"><\/div>\r\n<div style=\"text-align: center\"><a href=\"https:\/\/kucorg.cafeblog.hu\/files\/2013\/09\/PICT0175.jpg\"><img alt=\"\" src=\"https:\/\/kucorg.cafeblog.hu\/files\/2013\/09\/PICT0175.jpg\" border=\"0\" \/><\/a><\/div>\r\n<div style=\"text-align: center\">A k\u00e9pen l\u00e1that\u00f3 gy\u00f6ny\u00f6r\u0171s\u00e9g ma 3 \u00e9ves! :)<\/div>\r\n<div style=\"text-align: center\"><\/div>\r\n<div style=\"text-align: center\"><a href=\"https:\/\/kucorg.cafeblog.hu\/files\/2013\/09\/PICT0185.jpg\"><img alt=\"\" src=\"https:\/\/kucorg.cafeblog.hu\/files\/2013\/09\/PICT0185.jpg\" border=\"0\" \/><\/a><\/div>\r\n<div style=\"text-align: center\">A ceruza - \u00e9s gyurmatart\u00f3s r\u00e9sz elk\u00e9sz\u00edt\u00e9se <a href=\"https:\/\/kucorg.cafeblog.hu\/2013\/09\/tablara-fel-1-projekt-2-info.html\" target=\"_blank\"><span>itt olvashat\u00f3<\/span><\/a>.<\/div>\r\n<div style=\"text-align: center\"><\/div>\r\n<div style=\"text-align: center\"><a href=\"https:\/\/kucorg.cafeblog.hu\/files\/2013\/09\/PICT0211.jpg\"><img alt=\"\" src=\"https:\/\/kucorg.cafeblog.hu\/files\/2013\/09\/PICT0211.jpg\" border=\"0\" \/><\/a><\/div>\r\n<div style=\"text-align: center\">\u00d6sszk\u00e9p: A plafon (<a href=\"https:\/\/kucorg.cafeblog.hu\/2013\/06\/ha-szuperhos-lennek-plafont-festenek.html\" target=\"_blank\"><span>le\u00edr\u00e1sa itt<\/span><\/a>), a t\u00e1bla \u00e9s a postal\u00e1da kapcsolata. :)<\/div>\r\n<div><\/div>\r\n<div style=\"text-align: center\"><em>Mindenkinek sz\u00e9p napot \u00e9s j\u00f3 alkot\u00e1st k\u00edv\u00e1nok!<\/em><\/div>","type":"rich","thumbnail_url":"https:\/\/kucorg.cafeblog.hu\/files\/2013\/09\/PICT01931-150x150.jpg","thumbnail_width":150,"thumbnail_height":150}